{"id":310,"date":"2019-09-18T10:36:12","date_gmt":"2019-09-18T10:36:12","guid":{"rendered":"http:\/\/sociale.catrianerone.pu.it\/?page_id=310"},"modified":"2022-11-29T06:36:13","modified_gmt":"2022-11-29T06:36:13","slug":"famiglia-3","status":"publish","type":"page","link":"https:\/\/sociale.catrianerone.pu.it\/?page_id=310","title":{"rendered":"Famiglia e Minori"},"content":{"rendered":"<div id=\"pl-310\"  class=\"panel-layout\" ><div id=\"pg-310-0\"  class=\"panel-grid panel-no-style\" ><div id=\"pgc-310-0-0\"  class=\"panel-grid-cell\" ><div id=\"panel-310-0-0-0\" class=\"so-panel widget widget_media_image panel-first-child\" data-index=\"0\" ><img width=\"1568\" height=\"705\" src=\"https:\/\/sociale.catrianerone.pu.it\/wp-content\/uploads\/2022\/11\/derechos-2-1568x705-1.jpg\" class=\"image wp-image-1020  attachment-full size-full\" alt=\"\" decoding=\"async\" style=\"max-width: 100%; height: auto;\" srcset=\"https:\/\/sociale.catrianerone.pu.it\/wp-content\/uploads\/2022\/11\/derechos-2-1568x705-1.jpg 1568w, https:\/\/sociale.catrianerone.pu.it\/wp-content\/uploads\/2022\/11\/derechos-2-1568x705-1-300x135.jpg 300w, https:\/\/sociale.catrianerone.pu.it\/wp-content\/uploads\/2022\/11\/derechos-2-1568x705-1-1024x460.jpg 1024w, https:\/\/sociale.catrianerone.pu.it\/wp-content\/uploads\/2022\/11\/derechos-2-1568x705-1-768x345.jpg 768w, https:\/\/sociale.catrianerone.pu.it\/wp-content\/uploads\/2022\/11\/derechos-2-1568x705-1-1536x691.jpg 1536w\" sizes=\"(max-width: 1568px) 100vw, 1568px\" \/><\/div><div id=\"panel-310-0-0-1\" class=\"so-panel widget widget_sow-editor panel-last-child\" data-index=\"1\" ><div\n\t\t\t\n\t\t\tclass=\"so-widget-sow-editor so-widget-sow-editor-base\"\n\t\t\t\n\t\t>\n<div class=\"siteorigin-widget-tinymce textwidget\">\n\t<div>\n<p>Quando ci si occupa di rete dei servizi per i minori, non si pu\u00f2 non prendere in considerazione la rete dei servizi per le famiglie. I minori, in ragione di una loro non ancora raggiunta autonomia, sono destinatari di politiche sociali, educative, sanitarie che hanno cercato di definire servizi e interventi atti a garantire loro i diritti sociali (alla salute, all\u2019educazione, a una buona qualit\u00e0 della vita). Predisporre azioni e interventi per lo sviluppo psicofisico di bambini e ragazzi implica necessariamente pensare alla famiglia in quanto loro luogo naturale di crescita e sviluppo e sostenerla nelle funzioni genitoriali, ossia nella capacit\u00e0 di affiancare e promuovere la crescita delle nuove generazioni integrando e colloquiando con la scuola, il contesto sociale, i media.<\/p>\n<p>Le politiche giovanili ed il quadro normativo sviluppatosi in questi ultimi anni, in particolare,con la Legge 285\/97, successivamente con la Legge 328\/00 ed infine con la Legge Regionale 9\/03, hanno offerto strumenti specifici per rispondere in modo concreto ai bisogni della collettivit\u00e0, con azioni e servizi a favore della persona, della famiglia, della comunit\u00e0 locale che si realizzano attraverso una programmazione condivisa da tutti gli attori sociali, educativi, culturali e sanitari del territorio in un sistema integrato pubblico-privato.<\/p>\n<p>L'Ambito Sociale 3, interviene a sostegno dei minori operando nelle situazioni in cui la famiglia non \u00e8 in grado di occuparsi della crescita dei figli attraverso trattamenti economici volti al sostegno della famiglia nel suo complesso o dei minori in particolare. Inoltre in collaborazione con il Consultorio Familiare, sono offerti sostegni di tipo psicologico alla famiglia o ai minori soprattutto nelle situazioni multi-problematiche in cui si sommano, oltre a difficolt\u00e0 di tipo economico, anche fragilit\u00e0 psicologiche dei genitori, deficit di tipo sanitario, rapporti familiari conflittuali. Per perseguire tale obiettivo il lavoro \u00e8 innanzitutto finalizzato al potenziamento delle risorse familiari, affinch\u00e9 il nucleo che si trova in uno stato di difficolt\u00e0, possa recuperare le sue funzioni educative, affettive e genitoriali, al fine di favorire la permanenza del minore presso la famiglia di origine.<\/p>\n<p>L'Ambito Sociale 3 si occupa anche, in collaborazione con le Autorit\u00e0 giudiziarie preposte, con funzioni di valutazione, diagnosi e proposta, della presa in carico di quei minori per cui si rende necessaria la predisposizione di percorsi che prevedono l\u2019adozione o l\u2019allontanamento della famiglia di origine mediante affidamento in strutture o presso la famiglie.<\/p>\n<\/div>\n<p><!-- {\"type\":\"layout\",\"children\":[{\"type\":\"section\",\"props\":{\"style\":\"default\",\"width\":\"default\",\"vertical_align\":\"middle\",\"title_position\":\"top-left\",\"title_rotation\":\"left\",\"title_breakpoint\":\"xl\",\"image_position\":\"center-center\",\"text_color\":\"\",\"width_expand\":\"\",\"height\":\"\",\"padding\":\"\",\"header_transparent\":\"\",\"animation\":\"\"},\"children\":[{\"type\":\"row\",\"props\":{\"layout\":\"1-1\",\"breakpoint\":\"m\",\"fixed_width\":\"large\",\"gutter\":\"\",\"width\":\"\",\"width_expand\":\"\",\"height\":\"\",\"margin\":\"\"},\"children\":[{\"type\":\"column\",\"props\":{\"widths\":[\"1-1\"],\"image_position\":\"center-center\",\"media_overlay_gradient\":\"\",\"vertical_align\":\"\",\"style\":\"\",\"text_color\":\"\",\"padding\":\"\"},\"children\":[{\"type\":\"image\",\"props\":{\"margin\":\"default\",\"image_svg_color\":\"emphasis\",\"link_target\":\"\",\"image_border\":\"\",\"image_box_shadow\":\"\",\"image_hover_box_shadow\":\"\",\"image_box_decoration\":\"\",\"position\":\"\",\"position_z_index\":\"\",\"maxwidth\":\"\",\"maxwidth_breakpoint\":\"\",\"block_align\":\"\",\"block_align_breakpoint\":\"\",\"block_align_fallback\":\"\",\"text_align\":\"\",\"text_align_breakpoint\":\"\",\"text_align_fallback\":\"\",\"animation\":\"\",\"visibility\":\"\",\"image\":\"wp-content\\\/uploads\\\/famiglia-1.jpg\"}},{\"type\":\"headline\",\"props\":{\"title_element\":\"h1\",\"title_style\":\"\",\"title_decoration\":\"\",\"title_font_family\":\"\",\"title_color\":\"\",\"position\":\"\",\"position_z_index\":\"\",\"margin\":\"\",\"maxwidth\":\"\",\"maxwidth_breakpoint\":\"\",\"block_align\":\"\",\"block_align_breakpoint\":\"\",\"block_align_fallback\":\"\",\"text_align\":\"\",\"text_align_breakpoint\":\"\",\"text_align_fallback\":\"\",\"animation\":\"\",\"visibility\":\"\",\"content\":\"Famiglia e Minori\"}},{\"type\":\"text\",\"props\":{\"margin\":\"default\",\"column_breakpoint\":\"m\",\"text_style\":\"\",\"text_color\":\"\",\"text_size\":\"\",\"column\":\"\",\"position\":\"\",\"position_z_index\":\"\",\"maxwidth\":\"\",\"maxwidth_breakpoint\":\"\",\"block_align\":\"\",\"block_align_breakpoint\":\"\",\"block_align_fallback\":\"\",\"text_align\":\"\",\"text_align_breakpoint\":\"\",\"text_align_fallback\":\"\",\"animation\":\"\",\"visibility\":\"\",\"content\":\"\n\nQuando ci si occupa di rete dei servizi per i minori, non si pu\\u00f2 non prendere in considerazione la rete dei servizi per le famiglie. I minori, in ragione di una loro non ancora raggiunta autonomia, sono destinatari di politiche sociali, educative, sanitarie che hanno cercato di definire servizi e interventi atti a garantire loro i diritti sociali (alla salute, all\\u2019educazione, a una buona qualit\\u00e0 della vita). Predisporre azioni e interventi per lo sviluppo psicofisico di bambini e ragazzi implica necessariamente pensare alla famiglia in quanto loro luogo naturale di crescita e sviluppo e sostenerla nelle funzioni genitoriali, ossia nella capacit\\u00e0 di affiancare e promuovere la crescita delle nuove generazioni integrando e colloquiando con la scuola, il contesto sociale, i media.<\\\/p>\\n\n\nLe politiche giovanili ed il quadro normativo sviluppatosi in questi ultimi anni, in particolare,con la Legge 285\\\/97, successivamente con la Legge 328\\\/00 ed infine con la Legge Regionale 9\\\/03, hanno offerto strumenti specifici per rispondere in modo concreto ai bisogni della collettivit\\u00e0, con azioni e servizi a favore della persona, della famiglia, della comunit\\u00e0 locale che si realizzano attraverso una programmazione condivisa da tutti gli attori sociali, educativi, culturali e sanitari del territorio in un sistema integrato pubblico-privato.<\\\/p>\\n\n\n\\u00a0<\\\/p>\\n\n\nL'Ambito Sociale 3, interviene a sostegno dei minori operando nelle situazioni in cui la famiglia non \\u00e8 in grado di occuparsi della crescita dei figli attraverso trattamenti economici volti al sostegno della famiglia nel suo complesso o dei minori in particolare. Inoltre in collaborazione con il Consultorio Familiare, sono offerti sostegni di tipo psicologico alla famiglia o ai minori soprattutto nelle situazioni multi-problematiche in cui si sommano, oltre a difficolt\\u00e0 di tipo economico, anche fragilit\\u00e0 psicologiche dei genitori, deficit di tipo sanitario, rapporti familiari conflittuali. Per perseguire tale obiettivo il lavoro \\u00e8 innanzitutto finalizzato al potenziamento delle risorse familiari, affinch\\u00e9 il nucleo che si trova in uno stato di difficolt\\u00e0, possa recuperare le sue funzioni educative, affettive e genitoriali, al fine di favorire la permanenza del minore presso la famiglia di origine.<\\\/p>\\n\n\nL'Ambito Sociale 3 si occupa anche, in collaborazione con le Autorit\\u00e0 giudiziarie preposte, con funzioni di valutazione, diagnosi e proposta, della presa in carico di quei minori per cui si rende necessaria la predisposizione di percorsi che prevedono l\\u2019adozione o l\\u2019allontanamento della famiglia di origine mediante affidamento in strutture o presso la famiglie.<\\\/p>\"}}]}]}]}],\"version\":\"1.21.10\",\"props\":[]} --><\/p>\n<\/div>\n<\/div><\/div><\/div><\/div><\/div>","protected":false},"excerpt":{"rendered":"<p>Quando ci si occupa di rete dei servizi per i minori, non si pu\u00f2 non prendere in considerazione la rete dei servizi per le famiglie. &#8230; <\/p>\n","protected":false},"author":2,"featured_media":0,"parent":0,"menu_order":0,"comment_status":"closed","ping_status":"closed","template":"","meta":{"footnotes":""},"yoast_head":"<!-- This site is optimized with the Yoast SEO plugin v22.6 - https:\/\/yoast.com\/wordpress\/plugins\/seo\/ -->\r\n<title>Famiglia e Minori - Ambito Sociale 3<\/title>\r\n<meta name=\"robots\" content=\"index, follow, max-snippet:-1, max-image-preview:large, max-video-preview:-1\" \/>\r\n<link rel=\"canonical\" href=\"https:\/\/sociale.catrianerone.pu.it\/?page_id=310\" \/>\r\n<meta property=\"og:locale\" content=\"it_IT\" \/>\r\n<meta property=\"og:type\" content=\"article\" \/>\r\n<meta property=\"og:title\" content=\"Famiglia e Minori - Ambito Sociale 3\" \/>\r\n<meta property=\"og:description\" content=\"Quando ci si occupa di rete dei servizi per i minori, non si pu\u00f2 non prendere in considerazione la rete dei servizi per le famiglie. ...\" \/>\r\n<meta property=\"og:url\" content=\"https:\/\/sociale.catrianerone.pu.it\/?page_id=310\" \/>\r\n<meta property=\"og:site_name\" content=\"Ambito Sociale 3\" \/>\r\n<meta property=\"article:publisher\" content=\"https:\/\/www.facebook.com\/profile.php?id=100064800606320\" \/>\r\n<meta property=\"article:modified_time\" content=\"2022-11-29T06:36:13+00:00\" \/>\r\n<meta name=\"twitter:card\" content=\"summary_large_image\" \/>\r\n<meta name=\"twitter:label1\" content=\"Tempo di lettura stimato\" \/>\n\t<meta name=\"twitter:data1\" content=\"5 minuti\" \/>\r\n<script type=\"application\/ld+json\" class=\"yoast-schema-graph\">{\"@context\":\"https:\/\/schema.org\",\"@graph\":[{\"@type\":\"WebPage\",\"@id\":\"https:\/\/sociale.catrianerone.pu.it\/?page_id=310\",\"url\":\"https:\/\/sociale.catrianerone.pu.it\/?page_id=310\",\"name\":\"Famiglia e Minori - Ambito Sociale 3\",\"isPartOf\":{\"@id\":\"https:\/\/sociale.catrianerone.pu.it\/#website\"},\"datePublished\":\"2019-09-18T10:36:12+00:00\",\"dateModified\":\"2022-11-29T06:36:13+00:00\",\"breadcrumb\":{\"@id\":\"https:\/\/sociale.catrianerone.pu.it\/?page_id=310#breadcrumb\"},\"inLanguage\":\"it-IT\",\"potentialAction\":[{\"@type\":\"ReadAction\",\"target\":[\"https:\/\/sociale.catrianerone.pu.it\/?page_id=310\"]}]},{\"@type\":\"BreadcrumbList\",\"@id\":\"https:\/\/sociale.catrianerone.pu.it\/?page_id=310#breadcrumb\",\"itemListElement\":[{\"@type\":\"ListItem\",\"position\":1,\"name\":\"Home\",\"item\":\"https:\/\/sociale.catrianerone.pu.it\/\"},{\"@type\":\"ListItem\",\"position\":2,\"name\":\"Famiglia e Minori\"}]},{\"@type\":\"WebSite\",\"@id\":\"https:\/\/sociale.catrianerone.pu.it\/#website\",\"url\":\"https:\/\/sociale.catrianerone.pu.it\/\",\"name\":\"Ambito Sociale 3\",\"description\":\"Sito dei Servizi Sociali dell&#039;Unione Montana del Catria e Nerone\",\"publisher\":{\"@id\":\"https:\/\/sociale.catrianerone.pu.it\/#organization\"},\"potentialAction\":[{\"@type\":\"SearchAction\",\"target\":{\"@type\":\"EntryPoint\",\"urlTemplate\":\"https:\/\/sociale.catrianerone.pu.it\/?s={search_term_string}\"},\"query-input\":\"required name=search_term_string\"}],\"inLanguage\":\"it-IT\"},{\"@type\":\"Organization\",\"@id\":\"https:\/\/sociale.catrianerone.pu.it\/#organization\",\"name\":\"Ambito Sociale 3\",\"url\":\"https:\/\/sociale.catrianerone.pu.it\/\",\"logo\":{\"@type\":\"ImageObject\",\"inLanguage\":\"it-IT\",\"@id\":\"https:\/\/sociale.catrianerone.pu.it\/#\/schema\/logo\/image\/\",\"url\":\"https:\/\/sociale.catrianerone.pu.it\/wp-content\/uploads\/2022\/11\/logo-Ambito3.png\",\"contentUrl\":\"https:\/\/sociale.catrianerone.pu.it\/wp-content\/uploads\/2022\/11\/logo-Ambito3.png\",\"width\":483,\"height\":149,\"caption\":\"Ambito Sociale 3\"},\"image\":{\"@id\":\"https:\/\/sociale.catrianerone.pu.it\/#\/schema\/logo\/image\/\"},\"sameAs\":[\"https:\/\/www.facebook.com\/profile.php?id=100064800606320\"]}]}<\/script>\r\n<!-- \/ Yoast SEO plugin. -->","yoast_head_json":{"title":"Famiglia e Minori - Ambito Sociale 3","robots":{"index":"index","follow":"follow","max-snippet":"max-snippet:-1","max-image-preview":"max-image-preview:large","max-video-preview":"max-video-preview:-1"},"canonical":"https:\/\/sociale.catrianerone.pu.it\/?page_id=310","og_locale":"it_IT","og_type":"article","og_title":"Famiglia e Minori - Ambito Sociale 3","og_description":"Quando ci si occupa di rete dei servizi per i minori, non si pu\u00f2 non prendere in considerazione la rete dei servizi per le famiglie. ...","og_url":"https:\/\/sociale.catrianerone.pu.it\/?page_id=310","og_site_name":"Ambito Sociale 3","article_publisher":"https:\/\/www.facebook.com\/profile.php?id=100064800606320","article_modified_time":"2022-11-29T06:36:13+00:00","twitter_card":"summary_large_image","twitter_misc":{"Tempo di lettura stimato":"5 minuti"},"schema":{"@context":"https:\/\/schema.org","@graph":[{"@type":"WebPage","@id":"https:\/\/sociale.catrianerone.pu.it\/?page_id=310","url":"https:\/\/sociale.catrianerone.pu.it\/?page_id=310","name":"Famiglia e Minori - Ambito Sociale 3","isPartOf":{"@id":"https:\/\/sociale.catrianerone.pu.it\/#website"},"datePublished":"2019-09-18T10:36:12+00:00","dateModified":"2022-11-29T06:36:13+00:00","breadcrumb":{"@id":"https:\/\/sociale.catrianerone.pu.it\/?page_id=310#breadcrumb"},"inLanguage":"it-IT","potentialAction":[{"@type":"ReadAction","target":["https:\/\/sociale.catrianerone.pu.it\/?page_id=310"]}]},{"@type":"BreadcrumbList","@id":"https:\/\/sociale.catrianerone.pu.it\/?page_id=310#breadcrumb","itemListElement":[{"@type":"ListItem","position":1,"name":"Home","item":"https:\/\/sociale.catrianerone.pu.it\/"},{"@type":"ListItem","position":2,"name":"Famiglia e Minori"}]},{"@type":"WebSite","@id":"https:\/\/sociale.catrianerone.pu.it\/#website","url":"https:\/\/sociale.catrianerone.pu.it\/","name":"Ambito Sociale 3","description":"Sito dei Servizi Sociali dell&#039;Unione Montana del Catria e Nerone","publisher":{"@id":"https:\/\/sociale.catrianerone.pu.it\/#organization"},"potentialAction":[{"@type":"SearchAction","target":{"@type":"EntryPoint","urlTemplate":"https:\/\/sociale.catrianerone.pu.it\/?s={search_term_string}"},"query-input":"required name=search_term_string"}],"inLanguage":"it-IT"},{"@type":"Organization","@id":"https:\/\/sociale.catrianerone.pu.it\/#organization","name":"Ambito Sociale 3","url":"https:\/\/sociale.catrianerone.pu.it\/","logo":{"@type":"ImageObject","inLanguage":"it-IT","@id":"https:\/\/sociale.catrianerone.pu.it\/#\/schema\/logo\/image\/","url":"https:\/\/sociale.catrianerone.pu.it\/wp-content\/uploads\/2022\/11\/logo-Ambito3.png","contentUrl":"https:\/\/sociale.catrianerone.pu.it\/wp-content\/uploads\/2022\/11\/logo-Ambito3.png","width":483,"height":149,"caption":"Ambito Sociale 3"},"image":{"@id":"https:\/\/sociale.catrianerone.pu.it\/#\/schema\/logo\/image\/"},"sameAs":["https:\/\/www.facebook.com\/profile.php?id=100064800606320"]}]}},"_links":{"self":[{"href":"https:\/\/sociale.catrianerone.pu.it\/index.php?rest_route=\/wp\/v2\/pages\/310"}],"collection":[{"href":"https:\/\/sociale.catrianerone.pu.it\/index.php?rest_route=\/wp\/v2\/pages"}],"about":[{"href":"https:\/\/sociale.catrianerone.pu.it\/index.php?rest_route=\/wp\/v2\/types\/page"}],"author":[{"embeddable":true,"href":"https:\/\/sociale.catrianerone.pu.it\/index.php?rest_route=\/wp\/v2\/users\/2"}],"replies":[{"embeddable":true,"href":"https:\/\/sociale.catrianerone.pu.it\/index.php?rest_route=%2Fwp%2Fv2%2Fcomments&post=310"}],"version-history":[{"count":2,"href":"https:\/\/sociale.catrianerone.pu.it\/index.php?rest_route=\/wp\/v2\/pages\/310\/revisions"}],"predecessor-version":[{"id":1022,"href":"https:\/\/sociale.catrianerone.pu.it\/index.php?rest_route=\/wp\/v2\/pages\/310\/revisions\/1022"}],"wp:attachment":[{"href":"https:\/\/sociale.catrianerone.pu.it\/index.php?rest_route=%2Fwp%2Fv2%2Fmedia&parent=310"}],"curies":[{"name":"wp","href":"https:\/\/api.w.org\/{rel}","templated":true}]}}